{"id":1753,"date":"2024-05-07T17:42:37","date_gmt":"2024-05-07T15:42:37","guid":{"rendered":"https:\/\/www.romanareality.cz\/?page_id=1753"},"modified":"2024-08-04T16:30:29","modified_gmt":"2024-08-04T14:30:29","slug":"nabidka","status":"publish","type":"page","link":"https:\/\/www.romanareality.cz\/?page_id=1753","title":{"rendered":"Nab\u00eddka nemovitost\u00ed"},"content":{"rendered":"\t\t<div data-elementor-type=\"wp-page\" data-elementor-id=\"1753\" class=\"elementor elementor-1753\" data-elementor-post-type=\"page\">\n\t\t\t\t\t\t\t<div class=\"elementor-element elementor-element-41b5ecb e-flex e-con-boxed e-con\" data-id=\"41b5ecb\" data-element_type=\"container\" data-settings=\"{&quot;content_width&quot;:&quot;boxed&quot;}\">\n\t\t\t\t\t<div class=\"e-con-inner\">\n\t\t\t\t<div class=\"elementor-element elementor-element-9d65cb7 elementor-grid-3 elementor-grid-tablet-2 elementor-grid-mobile-1 elementor-posts--thumbnail-top elementor-widget elementor-widget-posts\" data-id=\"9d65cb7\" data-element_type=\"widget\" data-settings=\"{&quot;classic_columns&quot;:&quot;3&quot;,&quot;classic_columns_tablet&quot;:&quot;2&quot;,&quot;classic_columns_mobile&quot;:&quot;1&quot;,&quot;classic_row_gap&quot;:{&quot;unit&quot;:&quot;px&quot;,&quot;size&quot;:35,&quot;sizes&quot;:[]},&quot;classic_row_gap_tablet&quot;:{&quot;unit&quot;:&quot;px&quot;,&quot;size&quot;:&quot;&quot;,&quot;sizes&quot;:[]},&quot;classic_row_gap_mobile&quot;:{&quot;unit&quot;:&quot;px&quot;,&quot;size&quot;:&quot;&quot;,&quot;sizes&quot;:[]}}\" data-widget_type=\"posts.classic\">\n\t\t\t\t<div class=\"elementor-widget-container\">\n\t\t\t<link rel=\"stylesheet\" href=\"https:\/\/www.romanareality.cz\/wp-content\/plugins\/elementor-pro\/assets\/css\/widget-posts.min.css\">\t\t<div class=\"elementor-posts-container elementor-posts elementor-posts--skin-classic elementor-grid\">\n\t\t\t\t<article class=\"elementor-post elementor-grid-item post-2033 post type-post status-publish format-standard has-post-thumbnail hentry category-prodano tag-prodej-nemovitosti\">\n\t\t\t\t<a class=\"elementor-post__thumbnail__link\" href=\"https:\/\/www.romanareality.cz\/?p=2033\" >\n\t\t\t<div class=\"elementor-post__thumbnail\"><img loading=\"lazy\" decoding=\"async\" width=\"300\" height=\"135\" src=\"https:\/\/www.romanareality.cz\/wp-content\/uploads\/2025\/03\/20250604_182401-300x135.jpg\" class=\"attachment-medium size-medium wp-image-2037\" alt=\"\" srcset=\"https:\/\/www.romanareality.cz\/wp-content\/uploads\/2025\/03\/20250604_182401-300x135.jpg 300w, https:\/\/www.romanareality.cz\/wp-content\/uploads\/2025\/03\/20250604_182401-1024x461.jpg 1024w, https:\/\/www.romanareality.cz\/wp-content\/uploads\/2025\/03\/20250604_182401-768x346.jpg 768w, https:\/\/www.romanareality.cz\/wp-content\/uploads\/2025\/03\/20250604_182401-1536x691.jpg 1536w, https:\/\/www.romanareality.cz\/wp-content\/uploads\/2025\/03\/20250604_182401-2048x922.jpg 2048w\" sizes=\"auto, (max-width: 300px) 100vw, 300px\" \/><\/div>\n\t\t<\/a>\n\t\t\t\t<div class=\"elementor-post__text\">\n\t\t\t\t<h3 class=\"elementor-post__title\">\n\t\t\t<a href=\"https:\/\/www.romanareality.cz\/?p=2033\" >\n\t\t\t\tRodinn\u00fd d\u016fm se zahradou a jez\u00edrkem v Ro\u017emit\u00e1le pod T\u0159em\u0161\u00ednem\t\t\t<\/a>\n\t\t<\/h3>\n\t\t\t\t<div class=\"elementor-post__meta-data\">\n\t\t\t\t\t<span class=\"elementor-post-date\">\n\t\t\t17. 6. 2025\t\t<\/span>\n\t\t\t\t<span class=\"elementor-post-avatar\">\n\t\t\t\u017d\u00e1dn\u00e9 koment\u00e1\u0159e\t\t<\/span>\n\t\t\t\t<\/div>\n\t\t\t\t<div class=\"elementor-post__excerpt\">\n\t\t\t<p>Rodinn\u00fd d\u016fm se zahradou a jez\u00edrkem v Ro\u017emit\u00e1le pod T\u0159em\u0161\u00ednem PROD\u00c1NO Nab\u00edz\u00edm \u00fatuln\u00fd a dob\u0159e udr\u017eovan\u00fd rodinn\u00fd d\u016fm s obytnou plochou 120 m\u00b2, kter\u00fd spln\u00ed<\/p>\n\t\t<\/div>\n\t\t\n\t\t<a class=\"elementor-post__read-more\" href=\"https:\/\/www.romanareality.cz\/?p=2033\" aria-label=\"Read more about Rodinn\u00fd d\u016fm se zahradou a jez\u00edrkem v Ro\u017emit\u00e1le pod T\u0159em\u0161\u00ednem\" >\n\t\t\tV\u00edce informac\u00ed\u00bb\t\t<\/a>\n\n\t\t\t\t<\/div>\n\t\t\t\t<\/article>\n\t\t\t\t<article class=\"elementor-post elementor-grid-item post-2015 post type-post status-publish format-standard has-post-thumbnail hentry category-v-nabidce tag-prodej-nemovitosti\">\n\t\t\t\t<a class=\"elementor-post__thumbnail__link\" href=\"https:\/\/www.romanareality.cz\/?p=2015\" >\n\t\t\t<div class=\"elementor-post__thumbnail\"><img loading=\"lazy\" decoding=\"async\" width=\"300\" height=\"225\" src=\"https:\/\/www.romanareality.cz\/wp-content\/uploads\/2025\/03\/IMG_8277-300x225.jpg\" class=\"attachment-medium size-medium wp-image-2010\" alt=\"\" srcset=\"https:\/\/www.romanareality.cz\/wp-content\/uploads\/2025\/03\/IMG_8277-300x225.jpg 300w, https:\/\/www.romanareality.cz\/wp-content\/uploads\/2025\/03\/IMG_8277-1024x768.jpg 1024w, https:\/\/www.romanareality.cz\/wp-content\/uploads\/2025\/03\/IMG_8277-768x576.jpg 768w, https:\/\/www.romanareality.cz\/wp-content\/uploads\/2025\/03\/IMG_8277-1536x1152.jpg 1536w, https:\/\/www.romanareality.cz\/wp-content\/uploads\/2025\/03\/IMG_8277-2048x1536.jpg 2048w\" sizes=\"auto, (max-width: 300px) 100vw, 300px\" \/><\/div>\n\t\t<\/a>\n\t\t\t\t<div class=\"elementor-post__text\">\n\t\t\t\t<h3 class=\"elementor-post__title\">\n\t\t\t<a href=\"https:\/\/www.romanareality.cz\/?p=2015\" >\n\t\t\t\tProdej atypick\u00e9ho bytu o velikosti 126m2 v t\u011bsn\u00e9 bl\u00edzkosti Jan\u00e1\u010dkova n\u00e1b\u0159e\u017e\u00ed\t\t\t<\/a>\n\t\t<\/h3>\n\t\t\t\t<div class=\"elementor-post__meta-data\">\n\t\t\t\t\t<span class=\"elementor-post-date\">\n\t\t\t19. 3. 2025\t\t<\/span>\n\t\t\t\t<span class=\"elementor-post-avatar\">\n\t\t\t\u017d\u00e1dn\u00e9 koment\u00e1\u0159e\t\t<\/span>\n\t\t\t\t<\/div>\n\t\t\t\t<div class=\"elementor-post__excerpt\">\n\t\t\t<p>Rodinn\u00fd d\u016fm se zahradou a jez\u00edrkem v Ro\u017emit\u00e1le pod T\u0159em\u0161\u00ednem PROD\u00c1NO \u00datuln\u00fd a dob\u0159e udr\u017eovan\u00fd rodinn\u00fd d\u016fm s obytnou plochou 120 m\u00b2, kter\u00fd spln\u00ed v\u0161e,<\/p>\n\t\t<\/div>\n\t\t\n\t\t<a class=\"elementor-post__read-more\" href=\"https:\/\/www.romanareality.cz\/?p=2015\" aria-label=\"Read more about Prodej atypick\u00e9ho bytu o velikosti 126m2 v t\u011bsn\u00e9 bl\u00edzkosti Jan\u00e1\u010dkova n\u00e1b\u0159e\u017e\u00ed\" >\n\t\t\tV\u00edce informac\u00ed\u00bb\t\t<\/a>\n\n\t\t\t\t<\/div>\n\t\t\t\t<\/article>\n\t\t\t\t<article class=\"elementor-post elementor-grid-item post-1759 post type-post status-publish format-standard has-post-thumbnail hentry category-v-nabidce tag-prodej-nemovitosti\">\n\t\t\t\t<a class=\"elementor-post__thumbnail__link\" href=\"https:\/\/www.romanareality.cz\/?p=1759\" >\n\t\t\t<div class=\"elementor-post__thumbnail\"><img loading=\"lazy\" decoding=\"async\" width=\"300\" height=\"200\" src=\"https:\/\/www.romanareality.cz\/wp-content\/uploads\/2024\/06\/b5e12dee-50ae-4559-b840-78bf94226ebc-300x200.jpg\" class=\"attachment-medium size-medium wp-image-1764\" alt=\"\" srcset=\"https:\/\/www.romanareality.cz\/wp-content\/uploads\/2024\/06\/b5e12dee-50ae-4559-b840-78bf94226ebc-300x200.jpg 300w, https:\/\/www.romanareality.cz\/wp-content\/uploads\/2024\/06\/b5e12dee-50ae-4559-b840-78bf94226ebc-1024x681.jpg 1024w, https:\/\/www.romanareality.cz\/wp-content\/uploads\/2024\/06\/b5e12dee-50ae-4559-b840-78bf94226ebc-768x511.jpg 768w, https:\/\/www.romanareality.cz\/wp-content\/uploads\/2024\/06\/b5e12dee-50ae-4559-b840-78bf94226ebc.jpg 1200w\" sizes=\"auto, (max-width: 300px) 100vw, 300px\" \/><\/div>\n\t\t<\/a>\n\t\t\t\t<div class=\"elementor-post__text\">\n\t\t\t\t<h3 class=\"elementor-post__title\">\n\t\t\t<a href=\"https:\/\/www.romanareality.cz\/?p=1759\" >\n\t\t\t\tProdej v\u00edcegenera\u010dn\u00edho domu 740 m\u00b2, pozemek 627 m\u00b2, \u017del\u00edzy, okres M\u011bln\u00edk\t\t\t<\/a>\n\t\t<\/h3>\n\t\t\t\t<div class=\"elementor-post__meta-data\">\n\t\t\t\t\t<span class=\"elementor-post-date\">\n\t\t\t14. 1. 2025\t\t<\/span>\n\t\t\t\t<span class=\"elementor-post-avatar\">\n\t\t\t\u017d\u00e1dn\u00e9 koment\u00e1\u0159e\t\t<\/span>\n\t\t\t\t<\/div>\n\t\t\t\t<div class=\"elementor-post__excerpt\">\n\t\t\t<p>Prodej atypick\u00e9ho bytu o velikosti 126m2 v t\u011bsn\u00e9 bl\u00edzkosti Jan\u00e1\u010dkova n\u00e1b\u0159e\u017e\u00ed 19 490 000 V NAB\u00cdDCE Nab\u00edz\u00edm k prodeji exkluzivn\u00ed byt v atraktivn\u00ed lokalit\u011b na<\/p>\n\t\t<\/div>\n\t\t\n\t\t<a class=\"elementor-post__read-more\" href=\"https:\/\/www.romanareality.cz\/?p=1759\" aria-label=\"Read more about Prodej v\u00edcegenera\u010dn\u00edho domu 740 m\u00b2, pozemek 627 m\u00b2, \u017del\u00edzy, okres M\u011bln\u00edk\" >\n\t\t\tV\u00edce informac\u00ed\u00bb\t\t<\/a>\n\n\t\t\t\t<\/div>\n\t\t\t\t<\/article>\n\t\t\t\t<article class=\"elementor-post elementor-grid-item post-1892 post type-post status-publish format-standard has-post-thumbnail hentry category-prodano tag-prodej-nemovitosti\">\n\t\t\t\t<a class=\"elementor-post__thumbnail__link\" href=\"https:\/\/www.romanareality.cz\/?p=1892\" >\n\t\t\t<div class=\"elementor-post__thumbnail\"><img loading=\"lazy\" decoding=\"async\" width=\"207\" height=\"300\" src=\"https:\/\/www.romanareality.cz\/wp-content\/uploads\/2024\/08\/408-1-207x300.jpg\" class=\"attachment-medium size-medium wp-image-1894\" alt=\"\" srcset=\"https:\/\/www.romanareality.cz\/wp-content\/uploads\/2024\/08\/408-1-207x300.jpg 207w, https:\/\/www.romanareality.cz\/wp-content\/uploads\/2024\/08\/408-1-707x1024.jpg 707w, https:\/\/www.romanareality.cz\/wp-content\/uploads\/2024\/08\/408-1.jpg 735w\" sizes=\"auto, (max-width: 207px) 100vw, 207px\" \/><\/div>\n\t\t<\/a>\n\t\t\t\t<div class=\"elementor-post__text\">\n\t\t\t\t<h3 class=\"elementor-post__title\">\n\t\t\t<a href=\"https:\/\/www.romanareality.cz\/?p=1892\" >\n\t\t\t\tLesn\u00ed pozemek o velikosti 9308 m\u00b2 v obci Slav\u011bt\u00edn nad Oh\u0159\u00ed, okres Louny\t\t\t<\/a>\n\t\t<\/h3>\n\t\t\t\t<div class=\"elementor-post__meta-data\">\n\t\t\t\t\t<span class=\"elementor-post-date\">\n\t\t\t7. 8. 2024\t\t<\/span>\n\t\t\t\t<span class=\"elementor-post-avatar\">\n\t\t\t\u017d\u00e1dn\u00e9 koment\u00e1\u0159e\t\t<\/span>\n\t\t\t\t<\/div>\n\t\t\t\t<div class=\"elementor-post__excerpt\">\n\t\t\t<p>Lesn\u00ed pozemek o velikosti 9308 m\u00b2 v obci Slav\u011bt\u00edn nad Oh\u0159\u00ed, okres Louny Prod\u00e1no Exkluzivn\u011b V\u00e1m nab\u00edz\u00edm soubor lesn\u00edch pozemk\u016f v katastr\u00e1ln\u00edm \u00fazem\u00ed Slav\u011bt\u00edn nad<\/p>\n\t\t<\/div>\n\t\t\n\t\t<a class=\"elementor-post__read-more\" href=\"https:\/\/www.romanareality.cz\/?p=1892\" aria-label=\"Read more about Lesn\u00ed pozemek o velikosti 9308 m\u00b2 v obci Slav\u011bt\u00edn nad Oh\u0159\u00ed, okres Louny\" >\n\t\t\tV\u00edce informac\u00ed\u00bb\t\t<\/a>\n\n\t\t\t\t<\/div>\n\t\t\t\t<\/article>\n\t\t\t\t<article class=\"elementor-post elementor-grid-item post-1861 post type-post status-publish format-standard has-post-thumbnail hentry category-prodano tag-prodej-nemovitosti\">\n\t\t\t\t<a class=\"elementor-post__thumbnail__link\" href=\"https:\/\/www.romanareality.cz\/?p=1861\" >\n\t\t\t<div class=\"elementor-post__thumbnail\"><img loading=\"lazy\" decoding=\"async\" width=\"225\" height=\"300\" src=\"https:\/\/www.romanareality.cz\/wp-content\/uploads\/2024\/07\/IMG_7279-225x300.jpg\" class=\"attachment-medium size-medium wp-image-1847\" alt=\"\" srcset=\"https:\/\/www.romanareality.cz\/wp-content\/uploads\/2024\/07\/IMG_7279-225x300.jpg 225w, https:\/\/www.romanareality.cz\/wp-content\/uploads\/2024\/07\/IMG_7279-768x1024.jpg 768w, https:\/\/www.romanareality.cz\/wp-content\/uploads\/2024\/07\/IMG_7279-1152x1536.jpg 1152w, https:\/\/www.romanareality.cz\/wp-content\/uploads\/2024\/07\/IMG_7279-1536x2048.jpg 1536w, https:\/\/www.romanareality.cz\/wp-content\/uploads\/2024\/07\/IMG_7279-scaled.jpg 1920w\" sizes=\"auto, (max-width: 225px) 100vw, 225px\" \/><\/div>\n\t\t<\/a>\n\t\t\t\t<div class=\"elementor-post__text\">\n\t\t\t\t<h3 class=\"elementor-post__title\">\n\t\t\t<a href=\"https:\/\/www.romanareality.cz\/?p=1861\" >\n\t\t\t\tProdej stavebn\u00edho pozemku Rad\u010dice &#8211; Plze\u0148\t\t\t<\/a>\n\t\t<\/h3>\n\t\t\t\t<div class=\"elementor-post__meta-data\">\n\t\t\t\t\t<span class=\"elementor-post-date\">\n\t\t\t4. 8. 2024\t\t<\/span>\n\t\t\t\t<span class=\"elementor-post-avatar\">\n\t\t\t\u017d\u00e1dn\u00e9 koment\u00e1\u0159e\t\t<\/span>\n\t\t\t\t<\/div>\n\t\t\t\t<div class=\"elementor-post__excerpt\">\n\t\t\t<p>Prodej stavebn\u00edho pozemku Rad\u010dice &#8211; Plze\u0148 Prod\u00e1no Exklusivn\u011b v nab\u00eddce stavebn\u00ed pozemek na v Rad\u010dic\u00edch u Plzn\u011b. \u00a0 Udr\u017eovan\u00fd, m\u00edrn\u011b sva\u017eit\u00fd pozemek o velikosti 870m2<\/p>\n\t\t<\/div>\n\t\t\n\t\t<a class=\"elementor-post__read-more\" href=\"https:\/\/www.romanareality.cz\/?p=1861\" aria-label=\"Read more about Prodej stavebn\u00edho pozemku Rad\u010dice &#8211; Plze\u0148\" >\n\t\t\tV\u00edce informac\u00ed\u00bb\t\t<\/a>\n\n\t\t\t\t<\/div>\n\t\t\t\t<\/article>\n\t\t\t\t<article class=\"elementor-post elementor-grid-item post-1684 post type-post status-publish format-standard has-post-thumbnail hentry category-prodano tag-prodej-nemovitosti\">\n\t\t\t\t<a class=\"elementor-post__thumbnail__link\" href=\"https:\/\/www.romanareality.cz\/?p=1684\" >\n\t\t\t<div class=\"elementor-post__thumbnail\"><img loading=\"lazy\" decoding=\"async\" width=\"300\" height=\"226\" src=\"https:\/\/www.romanareality.cz\/wp-content\/uploads\/2024\/03\/IMGP1553-001-1-300x226.jpg\" class=\"attachment-medium size-medium wp-image-1674\" alt=\"\" srcset=\"https:\/\/www.romanareality.cz\/wp-content\/uploads\/2024\/03\/IMGP1553-001-1-300x226.jpg 300w, https:\/\/www.romanareality.cz\/wp-content\/uploads\/2024\/03\/IMGP1553-001-1-1024x770.jpg 1024w, https:\/\/www.romanareality.cz\/wp-content\/uploads\/2024\/03\/IMGP1553-001-1-768x577.jpg 768w, https:\/\/www.romanareality.cz\/wp-content\/uploads\/2024\/03\/IMGP1553-001-1-1536x1155.jpg 1536w, https:\/\/www.romanareality.cz\/wp-content\/uploads\/2024\/03\/IMGP1553-001-1-2048x1540.jpg 2048w\" sizes=\"auto, (max-width: 300px) 100vw, 300px\" \/><\/div>\n\t\t<\/a>\n\t\t\t\t<div class=\"elementor-post__text\">\n\t\t\t\t<h3 class=\"elementor-post__title\">\n\t\t\t<a href=\"https:\/\/www.romanareality.cz\/?p=1684\" >\n\t\t\t\tAtypick\u00fd byt 5+kk, 116m2 v Ro\u017emit\u00e1le pod T\u0159em\u0161\u00ednem\t\t\t<\/a>\n\t\t<\/h3>\n\t\t\t\t<div class=\"elementor-post__meta-data\">\n\t\t\t\t\t<span class=\"elementor-post-date\">\n\t\t\t12. 3. 2024\t\t<\/span>\n\t\t\t\t<span class=\"elementor-post-avatar\">\n\t\t\t\u017d\u00e1dn\u00e9 koment\u00e1\u0159e\t\t<\/span>\n\t\t\t\t<\/div>\n\t\t\t\t<div class=\"elementor-post__excerpt\">\n\t\t\t<p>Atypick\u00fd byt 5+kk, 116m2 v Ro\u017emit\u00e1le pod T\u0159em\u0161\u00ednem PROD\u00c1NO Prod\u00e1no &#8211; Atypick\u00fd byt 5+kk, 116m2 v Ro\u017emit\u00e1le pod T\u0159em\u0161\u00ednem Ro\u017emit\u00e1l pod T\u0159em\u0161\u00ednem &#8211; centrum obce<\/p>\n\t\t<\/div>\n\t\t\n\t\t<a class=\"elementor-post__read-more\" href=\"https:\/\/www.romanareality.cz\/?p=1684\" aria-label=\"Read more about Atypick\u00fd byt 5+kk, 116m2 v Ro\u017emit\u00e1le pod T\u0159em\u0161\u00ednem\" >\n\t\t\tV\u00edce informac\u00ed\u00bb\t\t<\/a>\n\n\t\t\t\t<\/div>\n\t\t\t\t<\/article>\n\t\t\t\t<\/div>\n\t\t\n\t\t\t\t<\/div>\n\t\t\t\t<\/div>\n\t\t\t\t\t<\/div>\n\t\t\t\t<\/div>\n\t\t\t\t\t\t\t<\/div>\n\t\t","protected":false},"excerpt":{"rendered":"","protected":false},"author":2,"featured_media":1764,"parent":0,"menu_order":0,"comment_status":"closed","ping_status":"closed","template":"elementor_header_footer","meta":{"footnotes":""},"class_list":["post-1753","page","type-page","status-publish","has-post-thumbnail","hentry"],"yoast_head":"<!-- This site is optimized with the Yoast SEO plugin v22.1 - https:\/\/yoast.com\/wordpress\/plugins\/seo\/ -->\n<title>Nab\u00eddka nemovitost\u00ed - romanareality.cz<\/title>\n<meta name=\"robots\" content=\"index, follow, max-snippet:-1, max-image-preview:large, max-video-preview:-1\" \/>\n<link rel=\"canonical\" href=\"https:\/\/www.romanareality.cz\/?page_id=1753\" \/>\n<meta property=\"og:locale\" content=\"cs_CZ\" \/>\n<meta property=\"og:type\" content=\"article\" \/>\n<meta property=\"og:title\" content=\"Nab\u00eddka nemovitost\u00ed - romanareality.cz\" \/>\n<meta property=\"og:url\" content=\"https:\/\/www.romanareality.cz\/?page_id=1753\" \/>\n<meta property=\"og:site_name\" content=\"romanareality.cz\" \/>\n<meta property=\"article:modified_time\" content=\"2024-08-04T14:30:29+00:00\" \/>\n<meta property=\"og:image\" content=\"http:\/\/www.romanareality.cz\/wp-content\/uploads\/2024\/06\/b5e12dee-50ae-4559-b840-78bf94226ebc.jpg\" \/>\n\t<meta property=\"og:image:width\" content=\"1200\" \/>\n\t<meta property=\"og:image:height\" content=\"798\" \/>\n\t<meta property=\"og:image:type\" content=\"image\/jpeg\" \/>\n<meta name=\"twitter:card\" content=\"summary_large_image\" \/>\n<meta name=\"twitter:label1\" content=\"Odhadovan\u00e1 doba \u010dten\u00ed\" \/>\n\t<meta name=\"twitter:data1\" content=\"1 minuta\" \/>\n<script type=\"application\/ld+json\" class=\"yoast-schema-graph\">{\"@context\":\"https:\/\/schema.org\",\"@graph\":[{\"@type\":\"WebPage\",\"@id\":\"https:\/\/www.romanareality.cz\/?page_id=1753\",\"url\":\"https:\/\/www.romanareality.cz\/?page_id=1753\",\"name\":\"Nab\u00eddka nemovitost\u00ed - romanareality.cz\",\"isPartOf\":{\"@id\":\"https:\/\/www.romanareality.cz\/#website\"},\"datePublished\":\"2024-05-07T15:42:37+00:00\",\"dateModified\":\"2024-08-04T14:30:29+00:00\",\"breadcrumb\":{\"@id\":\"https:\/\/www.romanareality.cz\/?page_id=1753#breadcrumb\"},\"inLanguage\":\"cs\",\"potentialAction\":[{\"@type\":\"ReadAction\",\"target\":[\"https:\/\/www.romanareality.cz\/?page_id=1753\"]}]},{\"@type\":\"BreadcrumbList\",\"@id\":\"https:\/\/www.romanareality.cz\/?page_id=1753#breadcrumb\",\"itemListElement\":[{\"@type\":\"ListItem\",\"position\":1,\"name\":\"Dom\u016f\",\"item\":\"https:\/\/www.romanareality.cz\/\"},{\"@type\":\"ListItem\",\"position\":2,\"name\":\"Nab\u00eddka nemovitost\u00ed\"}]},{\"@type\":\"WebSite\",\"@id\":\"https:\/\/www.romanareality.cz\/#website\",\"url\":\"https:\/\/www.romanareality.cz\/\",\"name\":\"romanareality.cz\",\"description\":\"Romana Trefn\u00e1 - prodej a pron\u00e1jem realit\",\"publisher\":{\"@id\":\"https:\/\/www.romanareality.cz\/#organization\"},\"potentialAction\":[{\"@type\":\"SearchAction\",\"target\":{\"@type\":\"EntryPoint\",\"urlTemplate\":\"https:\/\/www.romanareality.cz\/?s={search_term_string}\"},\"query-input\":\"required name=search_term_string\"}],\"inLanguage\":\"cs\"},{\"@type\":\"Organization\",\"@id\":\"https:\/\/www.romanareality.cz\/#organization\",\"name\":\"romanareality.cz\",\"url\":\"https:\/\/www.romanareality.cz\/\",\"logo\":{\"@type\":\"ImageObject\",\"inLanguage\":\"cs\",\"@id\":\"https:\/\/www.romanareality.cz\/#\/schema\/logo\/image\/\",\"url\":\"https:\/\/www.romanareality.cz\/wp-content\/uploads\/2023\/06\/cropped-cropped-cropped-romca_logo-e1687466317807.png\",\"contentUrl\":\"https:\/\/www.romanareality.cz\/wp-content\/uploads\/2023\/06\/cropped-cropped-cropped-romca_logo-e1687466317807.png\",\"width\":500,\"height\":150,\"caption\":\"romanareality.cz\"},\"image\":{\"@id\":\"https:\/\/www.romanareality.cz\/#\/schema\/logo\/image\/\"}}]}<\/script>\n<!-- \/ Yoast SEO plugin. -->","yoast_head_json":{"title":"Nab\u00eddka nemovitost\u00ed - romanareality.cz","robots":{"index":"index","follow":"follow","max-snippet":"max-snippet:-1","max-image-preview":"max-image-preview:large","max-video-preview":"max-video-preview:-1"},"canonical":"https:\/\/www.romanareality.cz\/?page_id=1753","og_locale":"cs_CZ","og_type":"article","og_title":"Nab\u00eddka nemovitost\u00ed - romanareality.cz","og_url":"https:\/\/www.romanareality.cz\/?page_id=1753","og_site_name":"romanareality.cz","article_modified_time":"2024-08-04T14:30:29+00:00","og_image":[{"width":1200,"height":798,"url":"http:\/\/www.romanareality.cz\/wp-content\/uploads\/2024\/06\/b5e12dee-50ae-4559-b840-78bf94226ebc.jpg","type":"image\/jpeg"}],"twitter_card":"summary_large_image","twitter_misc":{"Odhadovan\u00e1 doba \u010dten\u00ed":"1 minuta"},"schema":{"@context":"https:\/\/schema.org","@graph":[{"@type":"WebPage","@id":"https:\/\/www.romanareality.cz\/?page_id=1753","url":"https:\/\/www.romanareality.cz\/?page_id=1753","name":"Nab\u00eddka nemovitost\u00ed - romanareality.cz","isPartOf":{"@id":"https:\/\/www.romanareality.cz\/#website"},"datePublished":"2024-05-07T15:42:37+00:00","dateModified":"2024-08-04T14:30:29+00:00","breadcrumb":{"@id":"https:\/\/www.romanareality.cz\/?page_id=1753#breadcrumb"},"inLanguage":"cs","potentialAction":[{"@type":"ReadAction","target":["https:\/\/www.romanareality.cz\/?page_id=1753"]}]},{"@type":"BreadcrumbList","@id":"https:\/\/www.romanareality.cz\/?page_id=1753#breadcrumb","itemListElement":[{"@type":"ListItem","position":1,"name":"Dom\u016f","item":"https:\/\/www.romanareality.cz\/"},{"@type":"ListItem","position":2,"name":"Nab\u00eddka nemovitost\u00ed"}]},{"@type":"WebSite","@id":"https:\/\/www.romanareality.cz\/#website","url":"https:\/\/www.romanareality.cz\/","name":"romanareality.cz","description":"Romana Trefn\u00e1 - prodej a pron\u00e1jem realit","publisher":{"@id":"https:\/\/www.romanareality.cz\/#organization"},"potentialAction":[{"@type":"SearchAction","target":{"@type":"EntryPoint","urlTemplate":"https:\/\/www.romanareality.cz\/?s={search_term_string}"},"query-input":"required name=search_term_string"}],"inLanguage":"cs"},{"@type":"Organization","@id":"https:\/\/www.romanareality.cz\/#organization","name":"romanareality.cz","url":"https:\/\/www.romanareality.cz\/","logo":{"@type":"ImageObject","inLanguage":"cs","@id":"https:\/\/www.romanareality.cz\/#\/schema\/logo\/image\/","url":"https:\/\/www.romanareality.cz\/wp-content\/uploads\/2023\/06\/cropped-cropped-cropped-romca_logo-e1687466317807.png","contentUrl":"https:\/\/www.romanareality.cz\/wp-content\/uploads\/2023\/06\/cropped-cropped-cropped-romca_logo-e1687466317807.png","width":500,"height":150,"caption":"romanareality.cz"},"image":{"@id":"https:\/\/www.romanareality.cz\/#\/schema\/logo\/image\/"}}]}},"_links":{"self":[{"href":"https:\/\/www.romanareality.cz\/index.php?rest_route=\/wp\/v2\/pages\/1753","targetHints":{"allow":["GET"]}}],"collection":[{"href":"https:\/\/www.romanareality.cz\/index.php?rest_route=\/wp\/v2\/pages"}],"about":[{"href":"https:\/\/www.romanareality.cz\/index.php?rest_route=\/wp\/v2\/types\/page"}],"author":[{"embeddable":true,"href":"https:\/\/www.romanareality.cz\/index.php?rest_route=\/wp\/v2\/users\/2"}],"replies":[{"embeddable":true,"href":"https:\/\/www.romanareality.cz\/index.php?rest_route=%2Fwp%2Fv2%2Fcomments&post=1753"}],"version-history":[{"count":5,"href":"https:\/\/www.romanareality.cz\/index.php?rest_route=\/wp\/v2\/pages\/1753\/revisions"}],"predecessor-version":[{"id":1810,"href":"https:\/\/www.romanareality.cz\/index.php?rest_route=\/wp\/v2\/pages\/1753\/revisions\/1810"}],"wp:featuredmedia":[{"embeddable":true,"href":"https:\/\/www.romanareality.cz\/index.php?rest_route=\/wp\/v2\/media\/1764"}],"wp:attachment":[{"href":"https:\/\/www.romanareality.cz\/index.php?rest_route=%2Fwp%2Fv2%2Fmedia&parent=1753"}],"curies":[{"name":"wp","href":"https:\/\/api.w.org\/{rel}","templated":true}]}}